{"id":12109,"date":"2024-11-02T14:52:28","date_gmt":"2024-11-02T13:52:28","guid":{"rendered":"https:\/\/bricekrysikphotographe.fr\/?page_id=12109"},"modified":"2024-12-10T09:52:32","modified_gmt":"2024-12-10T08:52:32","slug":"rgpd","status":"publish","type":"page","link":"https:\/\/bricekrysikphotographe.fr\/index.php\/rgpd\/","title":{"rendered":"Politique du Traitement des donn\u00e9es"},"content":{"rendered":"\t\t<div data-elementor-type=\"wp-page\" data-elementor-id=\"12109\" class=\"elementor elementor-12109\">\n\t\t\t\t<div class=\"elementor-element elementor-element-4c583a0 e-con-full e-flex wpr-particle-no wpr-jarallax-no wpr-parallax-no wpr-sticky-section-no wpr-equal-height-no e-con e-parent\" data-id=\"4c583a0\" data-element_type=\"container\" data-e-type=\"container\" data-settings=\"{&quot;background_background&quot;:&quot;classic&quot;}\">\n\t\t<div class=\"elementor-element elementor-element-d2a4ec1 e-con-full e-flex wpr-particle-no wpr-jarallax-no wpr-parallax-no wpr-sticky-section-no wpr-equal-height-no e-con e-child\" data-id=\"d2a4ec1\" data-element_type=\"container\" data-e-type=\"container\">\n\t\t\t\t<div class=\"elementor-element elementor-element-c49827a elementor-widget elementor-widget-heading\" data-id=\"c49827a\" data-element_type=\"widget\" data-e-type=\"widget\" data-widget_type=\"heading.default\">\n\t\t\t\t<div class=\"elementor-widget-container\">\n\t\t\t\t\t<h2 class=\"elementor-heading-title elementor-size-default\">Utilisation des donn\u00e9es personnelles collect\u00e9es et formulaire de contact<\/h2>\t\t\t\t<\/div>\n\t\t\t\t<\/div>\n\t\t\t\t<div class=\"elementor-element elementor-element-d5cd6c7 elementor-widget__width-initial elementor-widget elementor-widget-text-editor\" data-id=\"d5cd6c7\" data-element_type=\"widget\" data-e-type=\"widget\" data-widget_type=\"text-editor.default\">\n\t\t\t\t<div class=\"elementor-widget-container\">\n\t\t\t\t\t\t\t\t\t<p>Dans l\u2019exercice de ses activit\u00e9s de cr\u00e9ation de site internet, bricekrysikphotographe.fr collecte certaines de vos donn\u00e9es personnelles (<em>identit\u00e9, t\u00e9l\u00e9phone, adresse postale<\/em>) \u00e0 diff\u00e9rents moments de la r\u00e9alisation de sa mission (<em>contact initial, r\u00e9alisation du projet<\/em>).<\/p><p>Dans le cadre du traitement de ces donn\u00e9es \u00e0 caract\u00e8re personnel bricekrysikphotographe.fr s\u2019engage \u00e0 respecter le R\u00e8glement G\u00e9n\u00e9ral sur la Protection des Donn\u00e9es (<em>RGPD<\/em>), r\u00e8glement n\u00b0 2016\/679 du Parlement europ\u00e9en et du Conseil du 27 avril 2016, en vigueur depuis le 25 mai 2018.<\/p><p>Dans un souci de protection de vos donn\u00e9es personnelles et de conformit\u00e9 \u00e0 ce r\u00e8glement, bricekrysikphotographe.fr a d\u00e9sign\u00e9 M.Brice Krysik comme responsable du traitement des donn\u00e9es personnelles et d\u00e9l\u00e9gu\u00e9 \u00e0 la protection des donn\u00e9es. Le traitement de ces donn\u00e9es a comme unique finalit\u00e9 de permettre la r\u00e9ussite la plus compl\u00e8te du projet de cr\u00e9ation pour le client.<\/p>\t\t\t\t\t\t\t\t<\/div>\n\t\t\t\t<\/div>\n\t\t\t\t<\/div>\n\t\t\t\t<div class=\"elementor-element elementor-element-db46cd9 elementor-widget__width-initial elementor-widget elementor-widget-heading\" data-id=\"db46cd9\" data-element_type=\"widget\" data-e-type=\"widget\" data-widget_type=\"heading.default\">\n\t\t\t\t<div class=\"elementor-widget-container\">\n\t\t\t\t\t<h2 class=\"elementor-heading-title elementor-size-default\">Politique de Confidentialit\u00e9 des donn\u00e9es <\/h2>\t\t\t\t<\/div>\n\t\t\t\t<\/div>\n\t\t\t\t<\/div>\n\t\t\t\t<\/div>\n\t\t","protected":false},"excerpt":{"rendered":"<p>Utilisation des donn\u00e9es personnelles collect\u00e9es et formulaire de contact Dans l\u2019exercice de ses activit\u00e9s de cr\u00e9ation de site internet, bricekrysikphotographe.fr collecte certaines de vos donn\u00e9es personnelles (identit\u00e9, t\u00e9l\u00e9phone, adresse postale) \u00e0 diff\u00e9rents moments de la r\u00e9alisation de sa mission (contact initial, r\u00e9alisation du projet). Dans le cadre du traitement de ces donn\u00e9es \u00e0 caract\u00e8re personnel bricekrysikphotographe.fr s\u2019engage \u00e0 respecter le R\u00e8glement G\u00e9n\u00e9ral sur la Protection des Donn\u00e9es (RGPD), r\u00e8glement n\u00b0 2016\/679 du Parlement europ\u00e9en et du Conseil du 27 avril 2016, en vigueur depuis le 25 mai 2018. Dans un souci de protection de vos donn\u00e9es personnelles et de conformit\u00e9 \u00e0 ce r\u00e8glement, bricekrysikphotographe.fr a d\u00e9sign\u00e9 M.Brice Krysik comme responsable du traitement des donn\u00e9es personnelles et d\u00e9l\u00e9gu\u00e9 \u00e0 la protection des donn\u00e9es. Le traitement de ces donn\u00e9es a comme unique finalit\u00e9 de permettre la r\u00e9ussite la plus compl\u00e8te du projet de cr\u00e9ation pour le client. Politique de Confidentialit\u00e9 des donn\u00e9es<\/p>\n","protected":false},"author":1,"featured_media":0,"parent":0,"menu_order":0,"comment_status":"closed","ping_status":"closed","template":"elementor_header_footer","meta":{"ocean_post_layout":"","ocean_both_sidebars_style":"","ocean_both_sidebars_content_width":0,"ocean_both_sidebars_sidebars_width":0,"ocean_sidebar":"","ocean_second_sidebar":"","ocean_disable_margins":"enable","ocean_add_body_class":"","ocean_shortcode_before_top_bar":"","ocean_shortcode_after_top_bar":"","ocean_shortcode_before_header":"","ocean_shortcode_after_header":"","ocean_has_shortcode":"","ocean_shortcode_after_title":"","ocean_shortcode_before_footer_widgets":"","ocean_shortcode_after_footer_widgets":"","ocean_shortcode_before_footer_bottom":"","ocean_shortcode_after_footer_bottom":"","ocean_display_top_bar":"default","ocean_display_header":"default","ocean_header_style":"","ocean_center_header_left_menu":"","ocean_custom_header_template":"","ocean_custom_logo":0,"ocean_custom_retina_logo":0,"ocean_custom_logo_max_width":0,"ocean_custom_logo_tablet_max_width":0,"ocean_custom_logo_mobile_max_width":0,"ocean_custom_logo_max_height":0,"ocean_custom_logo_tablet_max_height":0,"ocean_custom_logo_mobile_max_height":0,"ocean_header_custom_menu":"","ocean_menu_typo_font_family":"","ocean_menu_typo_font_subset":"","ocean_menu_typo_font_size":0,"ocean_menu_typo_font_size_tablet":0,"ocean_menu_typo_font_size_mobile":0,"ocean_menu_typo_font_size_unit":"px","ocean_menu_typo_font_weight":"","ocean_menu_typo_font_weight_tablet":"","ocean_menu_typo_font_weight_mobile":"","ocean_menu_typo_transform":"","ocean_menu_typo_transform_tablet":"","ocean_menu_typo_transform_mobile":"","ocean_menu_typo_line_height":0,"ocean_menu_typo_line_height_tablet":0,"ocean_menu_typo_line_height_mobile":0,"ocean_menu_typo_line_height_unit":"","ocean_menu_typo_spacing":0,"ocean_menu_typo_spacing_tablet":0,"ocean_menu_typo_spacing_mobile":0,"ocean_menu_typo_spacing_unit":"","ocean_menu_link_color":"","ocean_menu_link_color_hover":"","ocean_menu_link_color_active":"","ocean_menu_link_background":"","ocean_menu_link_hover_background":"","ocean_menu_link_active_background":"","ocean_menu_social_links_bg":"","ocean_menu_social_hover_links_bg":"","ocean_menu_social_links_color":"","ocean_menu_social_hover_links_color":"","ocean_disable_title":"default","ocean_disable_heading":"default","ocean_post_title":"","ocean_post_subheading":"","ocean_post_title_style":"","ocean_post_title_background_color":"","ocean_post_title_background":0,"ocean_post_title_bg_image_position":"","ocean_post_title_bg_image_attachment":"","ocean_post_title_bg_image_repeat":"","ocean_post_title_bg_image_size":"","ocean_post_title_height":0,"ocean_post_title_bg_overlay":0.5,"ocean_post_title_bg_overlay_color":"","ocean_disable_breadcrumbs":"default","ocean_breadcrumbs_color":"","ocean_breadcrumbs_separator_color":"","ocean_breadcrumbs_links_color":"","ocean_breadcrumbs_links_hover_color":"","ocean_display_footer_widgets":"default","ocean_display_footer_bottom":"default","ocean_custom_footer_template":"","footnotes":""},"class_list":["post-12109","page","type-page","status-publish","hentry","entry"],"yoast_head":"<!-- This site is optimized with the Yoast SEO plugin v26.7 - https:\/\/yoast.com\/wordpress\/plugins\/seo\/ -->\n<title>Politique du Traitement des donn\u00e9es - bricekrysikphotographe.fr<\/title>\n<meta name=\"robots\" content=\"index, follow, max-snippet:-1, max-image-preview:large, max-video-preview:-1\" \/>\n<link rel=\"canonical\" href=\"https:\/\/bricekrysikphotographe.fr\/index.php\/rgpd\/\" \/>\n<meta property=\"og:locale\" content=\"fr_FR\" \/>\n<meta property=\"og:type\" content=\"article\" \/>\n<meta property=\"og:title\" content=\"Politique du Traitement des donn\u00e9es - bricekrysikphotographe.fr\" \/>\n<meta property=\"og:description\" content=\"Utilisation des donn\u00e9es personnelles collect\u00e9es et formulaire de contact Dans l\u2019exercice de ses activit\u00e9s de cr\u00e9ation de site internet, bricekrysikphotographe.fr collecte certaines de vos donn\u00e9es personnelles (identit\u00e9, t\u00e9l\u00e9phone, adresse postale) \u00e0 diff\u00e9rents moments de la r\u00e9alisation de sa mission (contact initial, r\u00e9alisation du projet). Dans le cadre du traitement de ces donn\u00e9es \u00e0 caract\u00e8re personnel bricekrysikphotographe.fr s\u2019engage \u00e0 respecter le R\u00e8glement G\u00e9n\u00e9ral sur la Protection des Donn\u00e9es (RGPD), r\u00e8glement n\u00b0 2016\/679 du Parlement europ\u00e9en et du Conseil du 27 avril 2016, en vigueur depuis le 25 mai 2018. Dans un souci de protection de vos donn\u00e9es personnelles et de conformit\u00e9 \u00e0 ce r\u00e8glement, bricekrysikphotographe.fr a d\u00e9sign\u00e9 M.Brice Krysik comme responsable du traitement des donn\u00e9es personnelles et d\u00e9l\u00e9gu\u00e9 \u00e0 la protection des donn\u00e9es. Le traitement de ces donn\u00e9es a comme unique finalit\u00e9 de permettre la r\u00e9ussite la plus compl\u00e8te du projet de cr\u00e9ation pour le client. Politique de Confidentialit\u00e9 des donn\u00e9es\" \/>\n<meta property=\"og:url\" content=\"https:\/\/bricekrysikphotographe.fr\/index.php\/rgpd\/\" \/>\n<meta property=\"og:site_name\" content=\"bricekrysikphotographe.fr\" \/>\n<meta property=\"article:modified_time\" content=\"2024-12-10T08:52:32+00:00\" \/>\n<meta name=\"twitter:card\" content=\"summary_large_image\" \/>\n<meta name=\"twitter:label1\" content=\"Dur\u00e9e de lecture estim\u00e9e\" \/>\n\t<meta name=\"twitter:data1\" content=\"1 minute\" \/>\n<script type=\"application\/ld+json\" class=\"yoast-schema-graph\">{\"@context\":\"https:\/\/schema.org\",\"@graph\":[{\"@type\":\"WebPage\",\"@id\":\"https:\/\/bricekrysikphotographe.fr\/index.php\/rgpd\/\",\"url\":\"https:\/\/bricekrysikphotographe.fr\/index.php\/rgpd\/\",\"name\":\"Politique du Traitement des donn\u00e9es - bricekrysikphotographe.fr\",\"isPartOf\":{\"@id\":\"https:\/\/bricekrysikphotographe.fr\/#website\"},\"datePublished\":\"2024-11-02T13:52:28+00:00\",\"dateModified\":\"2024-12-10T08:52:32+00:00\",\"breadcrumb\":{\"@id\":\"https:\/\/bricekrysikphotographe.fr\/index.php\/rgpd\/#breadcrumb\"},\"inLanguage\":\"fr-FR\",\"potentialAction\":[{\"@type\":\"ReadAction\",\"target\":[\"https:\/\/bricekrysikphotographe.fr\/index.php\/rgpd\/\"]}]},{\"@type\":\"BreadcrumbList\",\"@id\":\"https:\/\/bricekrysikphotographe.fr\/index.php\/rgpd\/#breadcrumb\",\"itemListElement\":[{\"@type\":\"ListItem\",\"position\":1,\"name\":\"Accueil\",\"item\":\"https:\/\/bricekrysikphotographe.fr\/\"},{\"@type\":\"ListItem\",\"position\":2,\"name\":\"Politique du Traitement des donn\u00e9es\"}]},{\"@type\":\"WebSite\",\"@id\":\"https:\/\/bricekrysikphotographe.fr\/#website\",\"url\":\"https:\/\/bricekrysikphotographe.fr\/\",\"name\":\"bricekrysikphotographe.fr\",\"description\":\"Photographe Mariage Lorraine\",\"potentialAction\":[{\"@type\":\"SearchAction\",\"target\":{\"@type\":\"EntryPoint\",\"urlTemplate\":\"https:\/\/bricekrysikphotographe.fr\/?s={search_term_string}\"},\"query-input\":{\"@type\":\"PropertyValueSpecification\",\"valueRequired\":true,\"valueName\":\"search_term_string\"}}],\"inLanguage\":\"fr-FR\"}]}<\/script>\n<!-- \/ Yoast SEO plugin. -->","yoast_head_json":{"title":"Politique du Traitement des donn\u00e9es - bricekrysikphotographe.fr","robots":{"index":"index","follow":"follow","max-snippet":"max-snippet:-1","max-image-preview":"max-image-preview:large","max-video-preview":"max-video-preview:-1"},"canonical":"https:\/\/bricekrysikphotographe.fr\/index.php\/rgpd\/","og_locale":"fr_FR","og_type":"article","og_title":"Politique du Traitement des donn\u00e9es - bricekrysikphotographe.fr","og_description":"Utilisation des donn\u00e9es personnelles collect\u00e9es et formulaire de contact Dans l\u2019exercice de ses activit\u00e9s de cr\u00e9ation de site internet, bricekrysikphotographe.fr collecte certaines de vos donn\u00e9es personnelles (identit\u00e9, t\u00e9l\u00e9phone, adresse postale) \u00e0 diff\u00e9rents moments de la r\u00e9alisation de sa mission (contact initial, r\u00e9alisation du projet). Dans le cadre du traitement de ces donn\u00e9es \u00e0 caract\u00e8re personnel bricekrysikphotographe.fr s\u2019engage \u00e0 respecter le R\u00e8glement G\u00e9n\u00e9ral sur la Protection des Donn\u00e9es (RGPD), r\u00e8glement n\u00b0 2016\/679 du Parlement europ\u00e9en et du Conseil du 27 avril 2016, en vigueur depuis le 25 mai 2018. Dans un souci de protection de vos donn\u00e9es personnelles et de conformit\u00e9 \u00e0 ce r\u00e8glement, bricekrysikphotographe.fr a d\u00e9sign\u00e9 M.Brice Krysik comme responsable du traitement des donn\u00e9es personnelles et d\u00e9l\u00e9gu\u00e9 \u00e0 la protection des donn\u00e9es. Le traitement de ces donn\u00e9es a comme unique finalit\u00e9 de permettre la r\u00e9ussite la plus compl\u00e8te du projet de cr\u00e9ation pour le client. Politique de Confidentialit\u00e9 des donn\u00e9es","og_url":"https:\/\/bricekrysikphotographe.fr\/index.php\/rgpd\/","og_site_name":"bricekrysikphotographe.fr","article_modified_time":"2024-12-10T08:52:32+00:00","twitter_card":"summary_large_image","twitter_misc":{"Dur\u00e9e de lecture estim\u00e9e":"1 minute"},"schema":{"@context":"https:\/\/schema.org","@graph":[{"@type":"WebPage","@id":"https:\/\/bricekrysikphotographe.fr\/index.php\/rgpd\/","url":"https:\/\/bricekrysikphotographe.fr\/index.php\/rgpd\/","name":"Politique du Traitement des donn\u00e9es - bricekrysikphotographe.fr","isPartOf":{"@id":"https:\/\/bricekrysikphotographe.fr\/#website"},"datePublished":"2024-11-02T13:52:28+00:00","dateModified":"2024-12-10T08:52:32+00:00","breadcrumb":{"@id":"https:\/\/bricekrysikphotographe.fr\/index.php\/rgpd\/#breadcrumb"},"inLanguage":"fr-FR","potentialAction":[{"@type":"ReadAction","target":["https:\/\/bricekrysikphotographe.fr\/index.php\/rgpd\/"]}]},{"@type":"BreadcrumbList","@id":"https:\/\/bricekrysikphotographe.fr\/index.php\/rgpd\/#breadcrumb","itemListElement":[{"@type":"ListItem","position":1,"name":"Accueil","item":"https:\/\/bricekrysikphotographe.fr\/"},{"@type":"ListItem","position":2,"name":"Politique du Traitement des donn\u00e9es"}]},{"@type":"WebSite","@id":"https:\/\/bricekrysikphotographe.fr\/#website","url":"https:\/\/bricekrysikphotographe.fr\/","name":"bricekrysikphotographe.fr","description":"Photographe Mariage Lorraine","potentialAction":[{"@type":"SearchAction","target":{"@type":"EntryPoint","urlTemplate":"https:\/\/bricekrysikphotographe.fr\/?s={search_term_string}"},"query-input":{"@type":"PropertyValueSpecification","valueRequired":true,"valueName":"search_term_string"}}],"inLanguage":"fr-FR"}]}},"_links":{"self":[{"href":"https:\/\/bricekrysikphotographe.fr\/index.php\/wp-json\/wp\/v2\/pages\/12109","targetHints":{"allow":["GET"]}}],"collection":[{"href":"https:\/\/bricekrysikphotographe.fr\/index.php\/wp-json\/wp\/v2\/pages"}],"about":[{"href":"https:\/\/bricekrysikphotographe.fr\/index.php\/wp-json\/wp\/v2\/types\/page"}],"author":[{"embeddable":true,"href":"https:\/\/bricekrysikphotographe.fr\/index.php\/wp-json\/wp\/v2\/users\/1"}],"replies":[{"embeddable":true,"href":"https:\/\/bricekrysikphotographe.fr\/index.php\/wp-json\/wp\/v2\/comments?post=12109"}],"version-history":[{"count":40,"href":"https:\/\/bricekrysikphotographe.fr\/index.php\/wp-json\/wp\/v2\/pages\/12109\/revisions"}],"predecessor-version":[{"id":12541,"href":"https:\/\/bricekrysikphotographe.fr\/index.php\/wp-json\/wp\/v2\/pages\/12109\/revisions\/12541"}],"wp:attachment":[{"href":"https:\/\/bricekrysikphotographe.fr\/index.php\/wp-json\/wp\/v2\/media?parent=12109"}],"curies":[{"name":"wp","href":"https:\/\/api.w.org\/{rel}","templated":true}]}}